{"id":3,"date":"2023-06-13T17:34:18","date_gmt":"2023-06-13T17:34:18","guid":{"rendered":"https:\/\/www.lebiudesign.com\/?page_id=3"},"modified":"2025-06-26T16:15:39","modified_gmt":"2025-06-26T16:15:39","slug":"privacy-policy","status":"publish","type":"page","link":"https:\/\/www.lebiudesign.com\/en\/privacy-policy\/","title":{"rendered":"Privacy Policy"},"content":{"rendered":"<div data-elementor-type=\"wp-page\" data-elementor-id=\"3\" class=\"elementor elementor-3\" data-elementor-post-type=\"page\">\n\t\t\t\t\t\t<section class=\"elementor-section elementor-top-section elementor-element elementor-element-8ea9216 elementor-section-boxed elementor-section-height-default elementor-section-height-default\" data-id=\"8ea9216\" data-element_type=\"section\" data-settings=\"{&quot;background_background&quot;:&quot;classic&quot;}\">\n\t\t\t\t\t\t<div class=\"elementor-container elementor-column-gap-default\">\n\t\t\t\t\t<div class=\"elementor-column elementor-col-100 elementor-top-column elementor-element elementor-element-f2b4419\" data-id=\"f2b4419\" data-element_type=\"column\">\n\t\t\t<div class=\"elementor-widget-wrap elementor-element-populated\">\n\t\t\t\t\t\t<div class=\"elementor-element elementor-element-9be9d9c elementor-widget elementor-widget-heading\" data-id=\"9be9d9c\" data-element_type=\"widget\" data-widget_type=\"heading.default\">\n\t\t\t\t<div class=\"elementor-widget-container\">\n\t\t\t\t\t<h2 class=\"elementor-heading-title elementor-size-default\">Termini della Nostra Privacy Policy<\/h2>\t\t\t\t<\/div>\n\t\t\t\t<\/div>\n\t\t\t\t<div class=\"elementor-element elementor-element-014aacd elementor-widget-divider--view-line elementor-widget elementor-widget-divider\" data-id=\"014aacd\" data-element_type=\"widget\" data-widget_type=\"divider.default\">\n\t\t\t\t<div class=\"elementor-widget-container\">\n\t\t\t\t\t\t\t<div class=\"elementor-divider\">\n\t\t\t<span class=\"elementor-divider-separator\">\n\t\t\t\t\t\t<\/span>\n\t\t<\/div>\n\t\t\t\t\t\t<\/div>\n\t\t\t\t<\/div>\n\t\t\t\t<div class=\"elementor-element elementor-element-3223b95 elementor-widget elementor-widget-accordion\" data-id=\"3223b95\" data-element_type=\"widget\" data-widget_type=\"accordion.default\">\n\t\t\t\t<div class=\"elementor-widget-container\">\n\t\t\t\t\t\t\t<div class=\"elementor-accordion\">\n\t\t\t\t\t\t\t<div class=\"elementor-accordion-item\">\n\t\t\t\t\t<div id=\"elementor-tab-title-5251\" class=\"elementor-tab-title\" data-tab=\"1\" role=\"button\" aria-controls=\"elementor-tab-content-5251\" aria-expanded=\"false\">\n\t\t\t\t\t\t\t\t\t\t\t\t\t<span class=\"elementor-accordion-icon elementor-accordion-icon-left\" aria-hidden=\"true\">\n\t\t\t\t\t\t\t\t\t\t\t\t\t\t\t<span class=\"elementor-accordion-icon-closed\"><i class=\"fas fa-plus\"><\/i><\/span>\n\t\t\t\t\t\t\t\t<span class=\"elementor-accordion-icon-opened\"><i class=\"fas fa-minus\"><\/i><\/span>\n\t\t\t\t\t\t\t\t\t\t\t\t\t\t<\/span>\n\t\t\t\t\t\t\t\t\t\t\t\t<a class=\"elementor-accordion-title\" tabindex=\"0\">Titolare del trattamento<\/a>\n\t\t\t\t\t<\/div>\n\t\t\t\t\t<div id=\"elementor-tab-content-5251\" class=\"elementor-tab-content elementor-clearfix\" data-tab=\"1\" role=\"region\" aria-labelledby=\"elementor-tab-title-5251\"><p>La presente informativa \u00e8 resa, ai sensi dell\u2019art. 13 del Regolamento europeo 679\/2016 (GDPR), a coloro che si collegano al sito internet:<br \/><a href=\"https:\/\/www.lebiudesign.com\/en\/\">https:\/\/www.lebiudesign.com\/<\/a><\/p><p>ed alle pagine o domini di terzo livello ad esso collegate. L\u2019informativa \u00e8 resa soltanto per i suddetti siti e non anche per altri siti esterni.<\/p><p>Mediante la navigazione nei siti di cui sopra, possono essere trattati dati personali\u00a0degli utenti che li consultano e interagiscono con i loro servizi web.<\/p><p><strong>Titolare del trattamento<\/strong><\/p><p>Lebiu S.R.L. \u2013 Via Quarto 6,\u00a0 07023 \u2013\u00a0 Calangianus (SS) &#8211; Italia<\/p><\/div>\n\t\t\t\t<\/div>\n\t\t\t\t\t\t\t<div class=\"elementor-accordion-item\">\n\t\t\t\t\t<div id=\"elementor-tab-title-5252\" class=\"elementor-tab-title\" data-tab=\"2\" role=\"button\" aria-controls=\"elementor-tab-content-5252\" aria-expanded=\"false\">\n\t\t\t\t\t\t\t\t\t\t\t\t\t<span class=\"elementor-accordion-icon elementor-accordion-icon-left\" aria-hidden=\"true\">\n\t\t\t\t\t\t\t\t\t\t\t\t\t\t\t<span class=\"elementor-accordion-icon-closed\"><i class=\"fas fa-plus\"><\/i><\/span>\n\t\t\t\t\t\t\t\t<span class=\"elementor-accordion-icon-opened\"><i class=\"fas fa-minus\"><\/i><\/span>\n\t\t\t\t\t\t\t\t\t\t\t\t\t\t<\/span>\n\t\t\t\t\t\t\t\t\t\t\t\t<a class=\"elementor-accordion-title\" tabindex=\"0\">Natura dei dati trattati e finalit\u00e0 del trattamento<\/a>\n\t\t\t\t\t<\/div>\n\t\t\t\t\t<div id=\"elementor-tab-content-5252\" class=\"elementor-tab-content elementor-clearfix\" data-tab=\"2\" role=\"region\" aria-labelledby=\"elementor-tab-title-5252\"><p><strong>Dati di navigazione<\/strong><\/p><p>A seguito della consultazione di questo sito possono essere trattati dati relativi a persone identificate o identificabili.<\/p><p>I sistemi informatici e le procedure software preposte al funzionamento di questo dominio, acquisiscono nel corso del normale esercizio, alcuni dati personali la cui trasmissione \u00e8 implicita nell&#8217;uso dei protocolli di comunicazione internet. Si tratta di informazioni che non sono raccolte per essere associate a interessati identificati, ma che per loro stessa natura potrebbero, attraverso elaborazioni ed associazioni con dati detenuti da terzi permettere di identificare gli utenti.<\/p><p>In questa categoria di dati rientrano gli indirizzi IP o i nomi a dominio dei computer utilizzati dagli utenti che si connettono al sito, gli indirizzi di notazione URI (Uniform Resource Identifier) delle risorse richieste, l&#8217;orario della richiesta, il metodo utilizzato nel sottoporre la richiesta al server, la dimensione del file ottenuto in risposta data dal server (buon fine, errore, ecc.) ed altri parametri relativi al sistema operativo e all&#8217;ambiente informatico dell&#8217;utente.<\/p><p>Questi dati vengono utilizzati al solo fine di ricavare informazioni statistiche anonime sull&#8217;uso del sito e per controllarne il corretto funzionamento e vengono cancellati immediatamente dopo l&#8217;elaborazione. I dati potrebbero essere utilizzati per l&#8217;accertamento di responsabilit\u00e0 in caso di ipotetici reati informatici in danno del sito.\u00a0<\/p><p><strong>Dati forniti dall&#8217;utente<\/strong><\/p><p>Costituiscono \u2013 altres\u00ec \u2013 oggetto di trattamento i dati personali che l&#8217;utente fornisce spontaneamente, utilizzando i contact form presenti nelle pagine web. Detti dati saranno trattati per la finalit\u00e0 di fornire una risposta come da richiesta dell&#8217;utente.<\/p><\/div>\n\t\t\t\t<\/div>\n\t\t\t\t\t\t\t<div class=\"elementor-accordion-item\">\n\t\t\t\t\t<div id=\"elementor-tab-title-5253\" class=\"elementor-tab-title\" data-tab=\"3\" role=\"button\" aria-controls=\"elementor-tab-content-5253\" aria-expanded=\"false\">\n\t\t\t\t\t\t\t\t\t\t\t\t\t<span class=\"elementor-accordion-icon elementor-accordion-icon-left\" aria-hidden=\"true\">\n\t\t\t\t\t\t\t\t\t\t\t\t\t\t\t<span class=\"elementor-accordion-icon-closed\"><i class=\"fas fa-plus\"><\/i><\/span>\n\t\t\t\t\t\t\t\t<span class=\"elementor-accordion-icon-opened\"><i class=\"fas fa-minus\"><\/i><\/span>\n\t\t\t\t\t\t\t\t\t\t\t\t\t\t<\/span>\n\t\t\t\t\t\t\t\t\t\t\t\t<a class=\"elementor-accordion-title\" tabindex=\"0\">Finalit\u00e0 del trattamento<\/a>\n\t\t\t\t\t<\/div>\n\t\t\t\t\t<div id=\"elementor-tab-content-5253\" class=\"elementor-tab-content elementor-clearfix\" data-tab=\"3\" role=\"region\" aria-labelledby=\"elementor-tab-title-5253\"><p>Il trattamento che intendiamo effettuare, dietro suo specifico consenso ove necessario, ha le seguenti finalit\u00e0:<\/p><ul style=\"list-style: none;\"><li>a. consentire la navigazione e la consultazione dei siti web;<\/li><li>b. rispondere a richieste di assistenza o di informazioni, che riceveremo via e-mail, telefono o chat o tramite l&#8217;apposito form;<\/li><li>c. assolvere obblighi di legge, contabili e fiscali;<\/li><li>d. svolgere marketing diretto via e-mail per servizi analoghi a quelli da lei sottoscritti, a meno che lei non si sia opposto a tale trattamento inizialmente o in occasione di successive comunicazioni;<\/li><li>e. fare proposte commerciali personalizzate sulla base dei prodotti o servizi da lei acquistati, o di cui si \u00e8 interessato navigando sul nostro Sito, o sulla base del gruppo di clienti cui lei appartiene (profilazione). Tale trattamento \u00e8 necessario per il perseguimento del legittimo interesse del titolare del trattamento a personalizzare le proprie proposte commerciali. Lei pu\u00f2 sempre opporsi a questo trattamento tramite mail &#8220;Segnalazioni privacy&#8221; agli appositi recapiti segnalati;<\/li><li>f. per esclusive finalit\u00e0 di sicurezza e prevenzione di condotte fraudolente il Titolare pone in essere un sistema di controllo automatico che comporta il rilevamento e l&#8217;analisi di comportamenti degli utenti sul sito associata al trattamento di Dati Personali tra cui l\u2019indirizzo IP.<\/li><\/ul><\/div>\n\t\t\t\t<\/div>\n\t\t\t\t\t\t\t<div class=\"elementor-accordion-item\">\n\t\t\t\t\t<div id=\"elementor-tab-title-5254\" class=\"elementor-tab-title\" data-tab=\"4\" role=\"button\" aria-controls=\"elementor-tab-content-5254\" aria-expanded=\"false\">\n\t\t\t\t\t\t\t\t\t\t\t\t\t<span class=\"elementor-accordion-icon elementor-accordion-icon-left\" aria-hidden=\"true\">\n\t\t\t\t\t\t\t\t\t\t\t\t\t\t\t<span class=\"elementor-accordion-icon-closed\"><i class=\"fas fa-plus\"><\/i><\/span>\n\t\t\t\t\t\t\t\t<span class=\"elementor-accordion-icon-opened\"><i class=\"fas fa-minus\"><\/i><\/span>\n\t\t\t\t\t\t\t\t\t\t\t\t\t\t<\/span>\n\t\t\t\t\t\t\t\t\t\t\t\t<a class=\"elementor-accordion-title\" tabindex=\"0\">Destinatari dei Dati<\/a>\n\t\t\t\t\t<\/div>\n\t\t\t\t\t<div id=\"elementor-tab-content-5254\" class=\"elementor-tab-content elementor-clearfix\" data-tab=\"4\" role=\"region\" aria-labelledby=\"elementor-tab-title-5254\"><p>Hanno accesso ai dati personali degli utenti gli incaricati che sono autorizzati al trattamento dei dati sotto l&#8217;autorit\u00e0 diretta delle societ\u00e0 e i responsabili e sub-responsabili esterni i quali forniscono alla societ\u00e0 specifici servizi e con i quali esse hanno stipulato appositi contratti, ai sensi dell&#8217;art. 28 GDPR. La lista completa dei responsabili e dei sub-responsabili del trattamento \u00e8 disponibile richiedendola direttamente a Lebiu S.R.L.<\/p><p>Tutti i soggetti che precedono si impegnano a usare le informazioni ricevute solo per le finalit\u00e0 di trattamento sopra indicate, a mantenerle confidenziali, integre e non disponibili a terzi non autorizzati. Inoltre i dati personali possono essere comunicati in forza di una disposizione di legge o regolamento o per eseguire un ordine di una Autorit\u00e0 amministrativa o giudiziaria.<\/p><\/div>\n\t\t\t\t<\/div>\n\t\t\t\t\t\t\t<div class=\"elementor-accordion-item\">\n\t\t\t\t\t<div id=\"elementor-tab-title-5255\" class=\"elementor-tab-title\" data-tab=\"5\" role=\"button\" aria-controls=\"elementor-tab-content-5255\" aria-expanded=\"false\">\n\t\t\t\t\t\t\t\t\t\t\t\t\t<span class=\"elementor-accordion-icon elementor-accordion-icon-left\" aria-hidden=\"true\">\n\t\t\t\t\t\t\t\t\t\t\t\t\t\t\t<span class=\"elementor-accordion-icon-closed\"><i class=\"fas fa-plus\"><\/i><\/span>\n\t\t\t\t\t\t\t\t<span class=\"elementor-accordion-icon-opened\"><i class=\"fas fa-minus\"><\/i><\/span>\n\t\t\t\t\t\t\t\t\t\t\t\t\t\t<\/span>\n\t\t\t\t\t\t\t\t\t\t\t\t<a class=\"elementor-accordion-title\" tabindex=\"0\">Modalit\u00e0 di trattamento e tempi di conservazione<\/a>\n\t\t\t\t\t<\/div>\n\t\t\t\t\t<div id=\"elementor-tab-content-5255\" class=\"elementor-tab-content elementor-clearfix\" data-tab=\"5\" role=\"region\" aria-labelledby=\"elementor-tab-title-5255\"><p>I dati personali sono trattati con strumenti automatizzati per il tempo strettamente necessario a conseguire gli scopi per cui sono stati raccolti.<\/p><p>Specifiche misure di sicurezza sono osservate per prevenire la perdita dei dati, usi illeciti o non corretti ed accessi non autorizzati. Il sito internet \u00e8 controllato regolarmente per verificare l&#8217;eventuale presenza di violazioni della sicurezza, ed assicurare che tutte le informazioni raccolte siano inaccessibili ai soggetti non autorizzati.<\/p><p>I dati conferiti dall&#8217;utente verranno cancellati quando non saranno pi\u00f9 necessari per gestire le sue richieste, a meno che non sia espresso il consenso per finalit\u00e0 di comunicazione commerciale, poich\u00e9 in tale evenienza i dati saranno conservati per 24 mesi.<\/p><\/div>\n\t\t\t\t<\/div>\n\t\t\t\t\t\t\t<div class=\"elementor-accordion-item\">\n\t\t\t\t\t<div id=\"elementor-tab-title-5256\" class=\"elementor-tab-title\" data-tab=\"6\" role=\"button\" aria-controls=\"elementor-tab-content-5256\" aria-expanded=\"false\">\n\t\t\t\t\t\t\t\t\t\t\t\t\t<span class=\"elementor-accordion-icon elementor-accordion-icon-left\" aria-hidden=\"true\">\n\t\t\t\t\t\t\t\t\t\t\t\t\t\t\t<span class=\"elementor-accordion-icon-closed\"><i class=\"fas fa-plus\"><\/i><\/span>\n\t\t\t\t\t\t\t\t<span class=\"elementor-accordion-icon-opened\"><i class=\"fas fa-minus\"><\/i><\/span>\n\t\t\t\t\t\t\t\t\t\t\t\t\t\t<\/span>\n\t\t\t\t\t\t\t\t\t\t\t\t<a class=\"elementor-accordion-title\" tabindex=\"0\">Diritti d'accesso<\/a>\n\t\t\t\t\t<\/div>\n\t\t\t\t\t<div id=\"elementor-tab-content-5256\" class=\"elementor-tab-content elementor-clearfix\" data-tab=\"6\" role=\"region\" aria-labelledby=\"elementor-tab-title-5256\"><p>Gli articoli da 15 a 22, GDPR conferiscono all&#8217;utente, nella qualit\u00e0 di interessato, l\u2019esercizio di specifici diritti.<\/p><p>L&#8217;art. 15 riconosce agli interessati il diritto di accedere ai propri dati personali e di ottenerne copia. Il diritto di ottenere copia dei dati non deve ledere i diritti e le libert\u00e0 altrui.<\/p><p>Con la domanda d&#8217;accesso, l&#8217;utente ha diritto di ottenere la conferma o meno se sia in corso un trattamento sui propri dati personali e di conoscere le finalit\u00e0 e le categorie di dati trattati, i soggetti terzi cui i dati sono comunicati e se i dati sono trasferiti in un paese extraeuropeo con garanzie adeguate. L&#8217;utente ha, altres\u00ec, diritto di conoscere il tempo di conservazione dei propri dati personali, rispetto alle finalit\u00e0 sopraindicate.<\/p><\/div>\n\t\t\t\t<\/div>\n\t\t\t\t\t\t\t<div class=\"elementor-accordion-item\">\n\t\t\t\t\t<div id=\"elementor-tab-title-5257\" class=\"elementor-tab-title\" data-tab=\"7\" role=\"button\" aria-controls=\"elementor-tab-content-5257\" aria-expanded=\"false\">\n\t\t\t\t\t\t\t\t\t\t\t\t\t<span class=\"elementor-accordion-icon elementor-accordion-icon-left\" aria-hidden=\"true\">\n\t\t\t\t\t\t\t\t\t\t\t\t\t\t\t<span class=\"elementor-accordion-icon-closed\"><i class=\"fas fa-plus\"><\/i><\/span>\n\t\t\t\t\t\t\t\t<span class=\"elementor-accordion-icon-opened\"><i class=\"fas fa-minus\"><\/i><\/span>\n\t\t\t\t\t\t\t\t\t\t\t\t\t\t<\/span>\n\t\t\t\t\t\t\t\t\t\t\t\t<a class=\"elementor-accordion-title\" tabindex=\"0\">Altri diritti<\/a>\n\t\t\t\t\t<\/div>\n\t\t\t\t\t<div id=\"elementor-tab-content-5257\" class=\"elementor-tab-content elementor-clearfix\" data-tab=\"7\" role=\"region\" aria-labelledby=\"elementor-tab-title-5257\"><p>Rispetto ai propri dati personali, l&#8217;utente ha il diritto di chiedere la rettifica dei dati inesatti e la integrazione di quelli incompleti, la cancellazione (diritto all&#8217;oblio) alle condizioni indicate dall&#8217;art. 17, GDPR, la limitazione del trattamento e la portabilit\u00e0 dei dati.<\/p><p>L&#8217;utente ha anche il diritto di opporsi, in qualsiasi momento al trattamento dei dati che lo riguardano effettuato per finalit\u00e0 di comunicazione commerciale.<\/p><p>Per l&#8217;esercizio dei diritti, l&#8217;utente pu\u00f2 rivolgersi ai titolari al seguente indirizzo:<\/p><p><strong><a href=\"mailto:info@lebiu.com\">info@lebiu.com<\/a><\/strong><\/p><p>Prima di fornire una risposta, il titolare potrebbe avere bisogno di identificare l&#8217;utente, mediante richiesta di fornire copia del suo documento d&#8217;identit\u00e0.<\/p><\/div>\n\t\t\t\t<\/div>\n\t\t\t\t\t\t\t<div class=\"elementor-accordion-item\">\n\t\t\t\t\t<div id=\"elementor-tab-title-5258\" class=\"elementor-tab-title\" data-tab=\"8\" role=\"button\" aria-controls=\"elementor-tab-content-5258\" aria-expanded=\"false\">\n\t\t\t\t\t\t\t\t\t\t\t\t\t<span class=\"elementor-accordion-icon elementor-accordion-icon-left\" aria-hidden=\"true\">\n\t\t\t\t\t\t\t\t\t\t\t\t\t\t\t<span class=\"elementor-accordion-icon-closed\"><i class=\"fas fa-plus\"><\/i><\/span>\n\t\t\t\t\t\t\t\t<span class=\"elementor-accordion-icon-opened\"><i class=\"fas fa-minus\"><\/i><\/span>\n\t\t\t\t\t\t\t\t\t\t\t\t\t\t<\/span>\n\t\t\t\t\t\t\t\t\t\t\t\t<a class=\"elementor-accordion-title\" tabindex=\"0\">Reclami<\/a>\n\t\t\t\t\t<\/div>\n\t\t\t\t\t<div id=\"elementor-tab-content-5258\" class=\"elementor-tab-content elementor-clearfix\" data-tab=\"8\" role=\"region\" aria-labelledby=\"elementor-tab-title-5258\"><p>Nel caso in cui l&#8217;utente ritenga che il trattamento dei propri dati personali violi le disposizioni del GDPR ha diritto di proporre reclamo alla Autorit\u00e0 Garante per la Protezione dei Dati Personali con sede in Roma, ai sensi dell&#8217;art. 77, GDPR, oltre che ricorrere innanzi all&#8217;Autorit\u00e0 giudiziaria.<\/p><\/div>\n\t\t\t\t<\/div>\n\t\t\t\t\t\t\t\t<\/div>\n\t\t\t\t\t\t<\/div>\n\t\t\t\t<\/div>\n\t\t\t\t\t<\/div>\n\t\t<\/div>\n\t\t\t\t\t<\/div>\n\t\t<\/section>\n\t\t\t\t<\/div>","protected":false},"excerpt":{"rendered":"<p>Termini della Nostra Privacy Policy Titolare del trattamento La presente informativa \u00e8 resa, ai sensi dell\u2019art. 13 del Regolamento europeo 679\/2016 (GDPR), a coloro che si collegano al sito internet:https:\/\/www.lebiudesign.com\/ ed alle pagine o domini di terzo livello ad esso collegate. L\u2019informativa \u00e8 resa soltanto per i suddetti siti e non anche per altri siti [&#8230;]","protected":false},"author":1,"featured_media":0,"parent":0,"menu_order":31,"comment_status":"closed","ping_status":"closed","template":"elementor_header_footer","meta":{"_acf_changed":false,"inline_featured_image":false,"footnotes":"","_links_to":"","_links_to_target":""},"class_list":["post-3","page","type-page","status-publish","hentry"],"acf":[],"yoast_head":"<!-- This site is optimized with the Yoast SEO plugin v25.8 - https:\/\/yoast.com\/wordpress\/plugins\/seo\/ -->\n<title>Privacy Policy - Lebiu<\/title>\n<meta name=\"robots\" content=\"index, follow, max-snippet:-1, max-image-preview:large, max-video-preview:-1\" \/>\n<link rel=\"canonical\" href=\"https:\/\/www.lebiudesign.com\/en\/privacy-policy\/\" \/>\n<meta property=\"og:locale\" content=\"en_GB\" \/>\n<meta property=\"og:type\" content=\"article\" \/>\n<meta property=\"og:title\" content=\"Privacy Policy - Lebiu\" \/>\n<meta property=\"og:description\" content=\"Termini della Nostra Privacy Policy Titolare del trattamento La presente informativa \u00e8 resa, ai sensi dell\u2019art. 13 del Regolamento europeo 679\/2016 (GDPR), a coloro che si collegano al sito internet:https:\/\/www.lebiudesign.com\/ ed alle pagine o domini di terzo livello ad esso collegate. L\u2019informativa \u00e8 resa soltanto per i suddetti siti e non anche per altri siti [...]\" \/>\n<meta property=\"og:url\" content=\"https:\/\/www.lebiudesign.com\/en\/privacy-policy\/\" \/>\n<meta property=\"og:site_name\" content=\"Lebiu\" \/>\n<meta property=\"article:modified_time\" content=\"2025-06-26T16:15:39+00:00\" \/>\n<meta name=\"twitter:card\" content=\"summary_large_image\" \/>\n<meta name=\"twitter:label1\" content=\"Estimated reading time\" \/>\n\t<meta name=\"twitter:data1\" content=\"6 minutes\" \/>\n<script type=\"application\/ld+json\" class=\"yoast-schema-graph\">{\"@context\":\"https:\/\/schema.org\",\"@graph\":[{\"@type\":\"WebPage\",\"@id\":\"https:\/\/www.lebiudesign.com\/privacy-policy\/\",\"url\":\"https:\/\/www.lebiudesign.com\/privacy-policy\/\",\"name\":\"Privacy Policy - Lebiu\",\"isPartOf\":{\"@id\":\"https:\/\/www.lebiudesign.com\/#website\"},\"datePublished\":\"2023-06-13T17:34:18+00:00\",\"dateModified\":\"2025-06-26T16:15:39+00:00\",\"breadcrumb\":{\"@id\":\"https:\/\/www.lebiudesign.com\/privacy-policy\/#breadcrumb\"},\"inLanguage\":\"en-GB\",\"potentialAction\":[{\"@type\":\"ReadAction\",\"target\":[\"https:\/\/www.lebiudesign.com\/privacy-policy\/\"]}]},{\"@type\":\"BreadcrumbList\",\"@id\":\"https:\/\/www.lebiudesign.com\/privacy-policy\/#breadcrumb\",\"itemListElement\":[{\"@type\":\"ListItem\",\"position\":1,\"name\":\"Home\",\"item\":\"https:\/\/www.lebiudesign.com\/\"},{\"@type\":\"ListItem\",\"position\":2,\"name\":\"Privacy Policy\"}]},{\"@type\":\"WebSite\",\"@id\":\"https:\/\/www.lebiudesign.com\/#website\",\"url\":\"https:\/\/www.lebiudesign.com\/\",\"name\":\"Lebiu\",\"description\":\"Genuine Cork skin\",\"publisher\":{\"@id\":\"https:\/\/www.lebiudesign.com\/#organization\"},\"potentialAction\":[{\"@type\":\"SearchAction\",\"target\":{\"@type\":\"EntryPoint\",\"urlTemplate\":\"https:\/\/www.lebiudesign.com\/?s={search_term_string}\"},\"query-input\":{\"@type\":\"PropertyValueSpecification\",\"valueRequired\":true,\"valueName\":\"search_term_string\"}}],\"inLanguage\":\"en-GB\"},{\"@type\":\"Organization\",\"@id\":\"https:\/\/www.lebiudesign.com\/#organization\",\"name\":\"Lebiu\",\"url\":\"https:\/\/www.lebiudesign.com\/\",\"logo\":{\"@type\":\"ImageObject\",\"inLanguage\":\"en-GB\",\"@id\":\"https:\/\/www.lebiudesign.com\/#\/schema\/logo\/image\/\",\"url\":\"https:\/\/www.lebiudesign.com\/wp-content\/uploads\/2023\/07\/lebiu_CORSKIN-02.png\",\"contentUrl\":\"https:\/\/www.lebiudesign.com\/wp-content\/uploads\/2023\/07\/lebiu_CORSKIN-02.png\",\"width\":2242,\"height\":1908,\"caption\":\"Lebiu\"},\"image\":{\"@id\":\"https:\/\/www.lebiudesign.com\/#\/schema\/logo\/image\/\"},\"sameAs\":[\"https:\/\/www.instagram.com\/lebiu.design\/\",\"https:\/\/www.linkedin.com\/company\/lebiudesign\/\"]}]}<\/script>\n<!-- \/ Yoast SEO plugin. -->","yoast_head_json":{"title":"Privacy Policy - Lebiu","robots":{"index":"index","follow":"follow","max-snippet":"max-snippet:-1","max-image-preview":"max-image-preview:large","max-video-preview":"max-video-preview:-1"},"canonical":"https:\/\/www.lebiudesign.com\/en\/privacy-policy\/","og_locale":"en_GB","og_type":"article","og_title":"Privacy Policy - Lebiu","og_description":"Termini della Nostra Privacy Policy Titolare del trattamento La presente informativa \u00e8 resa, ai sensi dell\u2019art. 13 del Regolamento europeo 679\/2016 (GDPR), a coloro che si collegano al sito internet:https:\/\/www.lebiudesign.com\/ ed alle pagine o domini di terzo livello ad esso collegate. L\u2019informativa \u00e8 resa soltanto per i suddetti siti e non anche per altri siti [...]","og_url":"https:\/\/www.lebiudesign.com\/en\/privacy-policy\/","og_site_name":"Lebiu","article_modified_time":"2025-06-26T16:15:39+00:00","twitter_card":"summary_large_image","twitter_misc":{"Estimated reading time":"6 minutes"},"schema":{"@context":"https:\/\/schema.org","@graph":[{"@type":"WebPage","@id":"https:\/\/www.lebiudesign.com\/privacy-policy\/","url":"https:\/\/www.lebiudesign.com\/privacy-policy\/","name":"Privacy Policy - Lebiu","isPartOf":{"@id":"https:\/\/www.lebiudesign.com\/#website"},"datePublished":"2023-06-13T17:34:18+00:00","dateModified":"2025-06-26T16:15:39+00:00","breadcrumb":{"@id":"https:\/\/www.lebiudesign.com\/privacy-policy\/#breadcrumb"},"inLanguage":"en-GB","potentialAction":[{"@type":"ReadAction","target":["https:\/\/www.lebiudesign.com\/privacy-policy\/"]}]},{"@type":"BreadcrumbList","@id":"https:\/\/www.lebiudesign.com\/privacy-policy\/#breadcrumb","itemListElement":[{"@type":"ListItem","position":1,"name":"Home","item":"https:\/\/www.lebiudesign.com\/"},{"@type":"ListItem","position":2,"name":"Privacy Policy"}]},{"@type":"WebSite","@id":"https:\/\/www.lebiudesign.com\/#website","url":"https:\/\/www.lebiudesign.com\/","name":"Lebiu","description":"Genuine Cork skin","publisher":{"@id":"https:\/\/www.lebiudesign.com\/#organization"},"potentialAction":[{"@type":"SearchAction","target":{"@type":"EntryPoint","urlTemplate":"https:\/\/www.lebiudesign.com\/?s={search_term_string}"},"query-input":{"@type":"PropertyValueSpecification","valueRequired":true,"valueName":"search_term_string"}}],"inLanguage":"en-GB"},{"@type":"Organization","@id":"https:\/\/www.lebiudesign.com\/#organization","name":"Lebiu","url":"https:\/\/www.lebiudesign.com\/","logo":{"@type":"ImageObject","inLanguage":"en-GB","@id":"https:\/\/www.lebiudesign.com\/#\/schema\/logo\/image\/","url":"https:\/\/www.lebiudesign.com\/wp-content\/uploads\/2023\/07\/lebiu_CORSKIN-02.png","contentUrl":"https:\/\/www.lebiudesign.com\/wp-content\/uploads\/2023\/07\/lebiu_CORSKIN-02.png","width":2242,"height":1908,"caption":"Lebiu"},"image":{"@id":"https:\/\/www.lebiudesign.com\/#\/schema\/logo\/image\/"},"sameAs":["https:\/\/www.instagram.com\/lebiu.design\/","https:\/\/www.linkedin.com\/company\/lebiudesign\/"]}]}},"_links":{"self":[{"href":"https:\/\/www.lebiudesign.com\/en\/wp-json\/wp\/v2\/pages\/3","targetHints":{"allow":["GET"]}}],"collection":[{"href":"https:\/\/www.lebiudesign.com\/en\/wp-json\/wp\/v2\/pages"}],"about":[{"href":"https:\/\/www.lebiudesign.com\/en\/wp-json\/wp\/v2\/types\/page"}],"author":[{"embeddable":true,"href":"https:\/\/www.lebiudesign.com\/en\/wp-json\/wp\/v2\/users\/1"}],"replies":[{"embeddable":true,"href":"https:\/\/www.lebiudesign.com\/en\/wp-json\/wp\/v2\/comments?post=3"}],"version-history":[{"count":19,"href":"https:\/\/www.lebiudesign.com\/en\/wp-json\/wp\/v2\/pages\/3\/revisions"}],"predecessor-version":[{"id":5213,"href":"https:\/\/www.lebiudesign.com\/en\/wp-json\/wp\/v2\/pages\/3\/revisions\/5213"}],"wp:attachment":[{"href":"https:\/\/www.lebiudesign.com\/en\/wp-json\/wp\/v2\/media?parent=3"}],"curies":[{"name":"wp","href":"https:\/\/api.w.org\/{rel}","templated":true}]}}